{"id":1376,"date":"2022-04-21T08:55:54","date_gmt":"2022-04-21T08:55:54","guid":{"rendered":"https:\/\/erkahome.hu\/?page_id=1376"},"modified":"2022-04-21T08:57:29","modified_gmt":"2022-04-21T08:57:29","slug":"adatvedelmi-tajekoztato","status":"publish","type":"page","link":"https:\/\/erkahome.hu\/?page_id=1376","title":{"rendered":"Adatv\u00e9delmi T\u00e1j\u00e9koztat\u00f3"},"content":{"rendered":"\t\t<div data-elementor-type=\"wp-page\" data-elementor-id=\"1376\" class=\"elementor elementor-1376\" data-elementor-settings=\"[]\">\n\t\t\t\t\t\t\t<div class=\"elementor-section-wrap\">\n\t\t\t\t\t\t\t<section class=\"ob-is-breaking-bad elementor-section elementor-top-section elementor-element elementor-element-3c05fb3 elementor-section-boxed elementor-section-height-default elementor-section-height-default\" data-id=\"3c05fb3\" data-element_type=\"section\" data-settings=\"{&quot;_ob_bbad_use_it&quot;:&quot;yes&quot;,&quot;_ob_bbad_sssic_use&quot;:&quot;no&quot;,&quot;_ob_glider_is_slider&quot;:&quot;no&quot;}\">\n\t\t\t\t\t\t<div class=\"elementor-container elementor-column-gap-default\">\n\t\t\t\t\t<div class=\"elementor-column elementor-col-100 elementor-top-column elementor-element elementor-element-1c17bcc\" data-id=\"1c17bcc\" data-element_type=\"column\" data-settings=\"{&quot;_ob_bbad_is_stalker&quot;:&quot;no&quot;,&quot;_ob_teleporter_use&quot;:false,&quot;_ob_column_hoveranimator&quot;:&quot;no&quot;,&quot;_ob_column_has_pseudo&quot;:&quot;no&quot;}\">\n\t\t\t<div class=\"elementor-widget-wrap elementor-element-populated\">\n\t\t\t\t\t\t\t\t<div class=\"elementor-element elementor-element-f8d4292 ob-harakiri-inherit elementor-widget elementor-widget-text-editor\" data-id=\"f8d4292\" data-element_type=\"widget\" data-settings=\"{&quot;_ob_harakiri_writing_mode&quot;:&quot;inherit&quot;,&quot;_ob_perspektive_use&quot;:&quot;no&quot;,&quot;_ob_shadough_use&quot;:&quot;no&quot;,&quot;_ob_allow_hoveranimator&quot;:&quot;no&quot;,&quot;_ob_widget_stalker_use&quot;:&quot;no&quot;}\" data-widget_type=\"text-editor.default\">\n\t\t\t\t<div class=\"elementor-widget-container\">\n\t\t\t\t\t\t\t<p><strong>Patakfalvin\u00e9 Jankovics Erika <\/strong>\u00e1ltal \u00fczemeltetett<\/p><p><strong>\u00a0ErkaHome Apartman <\/strong>(2500, Esztergom, Aranyhegyi \u00fat 2. 2\/1.)<\/p><p>\u00a0<\/p><p><strong>\u00a0ADATV\u00c9DELMI \u00c9S ADATKEZEL\u00c9SI T\u00c1J\u00c9KOZTAT\u00d3JA<\/strong><\/p><p>\u00a0<\/p><p>Az eur\u00f3pai \u00e1ltal\u00e1nos adatv\u00e9delmi rendelet (az Eur\u00f3pai Parlament \u00e9s a Tan\u00e1cs (EU) 2016\/679 rendelete a term\u00e9szetes szem\u00e9lyeknek a szem\u00e9lyes adatok kezel\u00e9se tekintet\u00e9ben t\u00f6rt\u00e9n\u0151 v\u00e9delm\u00e9r\u0151l \u00e9s az ilyen adatok szabad \u00e1raml\u00e1s\u00e1r\u00f3l, valamint a 95\/46\/EK rendelet hat\u00e1lyon k\u00edv\u00fcl helyez\u00e9s\u00e9r\u0151l \u2013 tov\u00e1bbiakban GDPR) 12. cikk (1) bekezd\u00e9se, valamint az inform\u00e1ci\u00f3s \u00f6nrendelkez\u00e9si jogr\u00f3l \u00e9s az inform\u00e1ci\u00f3szabads\u00e1gr\u00f3l sz\u00f3l\u00f3 2011. \u00e9vi CXII. t\u00f6rv\u00e9ny (tov\u00e1bbiakban Infotv.) 14. \u00a7 a) pontja alapj\u00e1n.<\/p><ol><li>Az adatkezel\u0151 adatai, el\u00e9rhet\u0151s\u00e9gei:<\/li><\/ol><p>N\u00e9v: Patakfalvin\u00e9 Jankovics Erika<\/p><p>Sz\u00e9khely: 2500, Esztergom, Budapesti utca 13.<\/p><p>Nyilv\u00e1ntart\u00e1si sz\u00e1m: 133<\/p><p>Ad\u00f3sz\u00e1m: 72273735-1-31<\/p><p>Telefonsz\u00e1m: +36 30\u00a0908 4500<\/p><p>E-mail: erkahome.esztergom@gmail.com<\/p><p>\u00a0<\/p><p>A sz\u00e1ll\u00e1shely szolg\u00e1ltat\u00e1s helye:<\/p><p>ERKA HOME APARTMAN (2500, Esztergom, Aranyhegyi \u00fat 2. 2\/1)<\/p><ol start=\"2\"><li>Az adatkezel\u0151 adatai, el\u00e9rhet\u0151s\u00e9gei:<\/li><\/ol><p>N\u00e9v: Patakfalvin\u00e9 Jankovics Erika mag\u00e1nszem\u00e9ly<\/p><p>Sz\u00e9khely: 2500, Esztergom, Budapesti utca 13.<\/p><p>Nyilv\u00e1ntart\u00e1si sz\u00e1m: 133<\/p><p>Ad\u00f3sz\u00e1m: 72273735-1-31<\/p><p>Telefonsz\u00e1m: +36 30\u00a0908 4500<\/p><p>E-mail: erkahome.esztergom@gmail.com<\/p><p>A sz\u00e1ll\u00e1shely szolg\u00e1ltat\u00e1s helye:<\/p><p>Apartman (2500, Esztergom, Aranyhegyi \u00fat 2. 2\/1.)<\/p><p>\u00a0<\/p><p>Az adatkezel\u0151 minden esetben biztos\u00edtja az \u00e1ltala kezelt szem\u00e9lyes adatok vonatkoz\u00e1s\u00e1ban az adatkezel\u00e9s jogszer\u0171s\u00e9g\u00e9t \u00e9s c\u00e9lszer\u0171s\u00e9g\u00e9t.<\/p><p>\u00a0<\/p><ol start=\"2\"><li>Szem\u00e9lyes adat (GDPR 4. cikk 1. pont): azonos\u00edtott vagy azonos\u00edthat\u00f3 term\u00e9szetes szem\u00e9lyre (\u201c\u00e9rintett\u201d) vonatkoz\u00f3 b\u00e1rmely inform\u00e1ci\u00f3, azonos\u00edthat\u00f3 az a term\u00e9szetes szem\u00e9ly, aki k\u00f6zvetlen vagy k\u00f6zvetett m\u00f3don, k\u00fcl\u00f6n\u00f6sen valamely azonos\u00edt\u00f3, p\u00e9ld\u00e1ul n\u00e9v, sz\u00e1m, helymeghat\u00e1roz\u00f3 adat, online azonos\u00edt\u00f3 vagy a term\u00e9szetes szem\u00e9ly testi, fiziol\u00f3giai, genetikai, szellemi, gazdas\u00e1gi, kultur\u00e1lis vagy szoci\u00e1lis azonoss\u00e1g\u00e1ra vonatkoz\u00f3 egy vagy t\u00f6bb t\u00e9nyez\u0151 alapj\u00e1n azonos\u00edthat\u00f3.<\/li><\/ol><p>\u00a0<\/p><ol start=\"3\"><li>Az adatkezel\u00e9s c\u00e9lja: el\u0151zetes t\u00e1j\u00e9koztat\u00e1s a sz\u00e1ll\u00e1shelyr\u0151l, online, illetve sz\u00e1ll\u00e1sk\u00f6zvet\u00edt\u0151 \u00fatj\u00e1n t\u00f6rt\u00e9n\u0151 sz\u00e1ll\u00e1sfoglal\u00e1s biztos\u00edt\u00e1sa, egy\u00e9b sz\u00e1ll\u00e1shely szolg\u00e1ltat\u00e1s biztos\u00edt\u00e1sa, h\u00edrlev\u00e9l \u00fatj\u00e1n t\u00f6rt\u00e9n\u0151 kapcsolattart\u00e1s.<\/li><\/ol><p>\u00a0<\/p><ol start=\"4\"><li>A kezelt szem\u00e9lyes adatok k\u00f6re: vezet\u00e9kn\u00e9v \u00e9s keresztn\u00e9v, sz\u00fclet\u00e9si hely \u00e9s id\u0151, lakc\u00edm (orsz\u00e1g, ir\u00e1ny\u00edt\u00f3sz\u00e1m, v\u00e1ros, utca, h\u00e1zsz\u00e1m), telefonsz\u00e1m, e-mail c\u00edm, \u00e1llampolg\u00e1rs\u00e1g, szem\u00e9lyi azonos\u00edt\u00f3 vagy \u00fatlev\u00e9l sz\u00e1ma, bankk\u00e1rtya sz\u00e1ma, SZ\u00c9P-k\u00e1rtya adatok (azonos\u00edt\u00f3, k\u00e1rty\u00e1n tal\u00e1lhat\u00f3 n\u00e9v) g\u00e9pj\u00e1rm\u0171 rendsz\u00e1ma.<\/li><\/ol><p>\u00a0<\/p><ol start=\"5\"><li>Az adatkezel\u00e9s jogalapja: GDPR 6. cikk (1) bekezd\u00e9se szerint:<\/li><\/ol><p>\u00a0<\/p><ol><li>a) az \u00e9rintett hozz\u00e1j\u00e1rul\u00e1s\u00e1t adta szem\u00e9lyes adatainak egy vagy t\u00f6bb konkr\u00e9t c\u00e9lb\u00f3l t\u00f6rt\u00e9n\u0151 kezel\u00e9s\u00e9hez,<\/li><\/ol><p>\u00a0<\/p><ol><li>b) az adatkezel\u00e9s olyan szerz\u0151d\u00e9s teljes\u00edt\u00e9s\u00e9hez sz\u00fcks\u00e9ges, amelyben az \u00e9rintett az egyik f\u00e9l, vagy az a szerz\u0151d\u00e9s megk\u00f6t\u00e9s\u00e9t megel\u0151z\u0151en az \u00e9rintett k\u00e9r\u00e9s\u00e9re t\u00f6rt\u00e9n\u0151 l\u00e9p\u00e9sek megt\u00e9tel\u00e9hez sz\u00fcks\u00e9ges,<\/li><\/ol><p>\u00a0<\/p><ol><li>c) az adatkezel\u00e9s az adatkezel\u0151re vonatkoz\u00f3 jogi k\u00f6telezetts\u00e9g teljes\u00edt\u00e9s\u00e9hez sz\u00fcks\u00e9ges,<\/li><\/ol><p>\u00a0<\/p><ol><li>d) az adatkezel\u00e9s az adatkezel\u0151, vagy egy harmadik f\u00e9l jogos \u00e9rdekeinek \u00e9rv\u00e9nyes\u00edt\u00e9s\u00e9hez<\/li><\/ol><p>\u00a0<\/p><p>sz\u00fcks\u00e9ges.<\/p><p>\u00a0<\/p><ol start=\"6\"><li>Adatfeldolgoz\u00f3 ig\u00e9nybev\u00e9tele:<\/li><\/ol><p>\u00a0<\/p><p>Az online sz\u00e1ll\u00e1sfoglal\u00e1s biztos\u00edt\u00e1sa informatikai szolg\u00e1ltat\u00f3 ig\u00e9nybev\u00e9tel\u00e9vel t\u00f6rt\u00e9nik:<\/p><p>\u00a0<\/p><p>Adatfeldolgoz\u00f3 neve: Patakfalvin\u00e9 Jankovics Erika<\/p><p>Sz\u00e9khelye: 2500, Esztergom, Budapesti utca 13.<\/p><p>Sz\u00e1mviteli szolg\u00e1ltat\u00e1st, k\u00f6nyvel\u00e9si szolg\u00e1ltat\u00e1st adatfeldolgoz\u00f3 l\u00e1tja el:<\/p><p>\u00a0<\/p><ol start=\"7\"><li>Az adatkezel\u00e9s id\u0151tartama: a foglal\u00e1s szerinti tart\u00f3zkod\u00e1s utols\u00f3 napj\u00e1t k\u00f6vet\u0151 k\u00e9t \u00e9v.<\/li><\/ol><p>\u00a0<\/p><ol start=\"8\"><li>Adatszolg\u00e1ltat\u00e1s hat\u00f3s\u00e1gok, k\u00f6zfeladatot ell\u00e1t\u00f3 szervek, b\u00edr\u00f3s\u00e1gok r\u00e9sz\u00e9re<\/li><\/ol><p>\u00a0<\/p><p>Jogi k\u00f6telezetts\u00e9g teljes\u00edt\u00e9se \u00e9rdek\u00e9ben egyes hat\u00f3s\u00e1gok, k\u00f6zfeladatot ell\u00e1t\u00f3 szervek, b\u00edr\u00f3s\u00e1gok szem\u00e9lyes adatok k\u00f6zl\u00e9se c\u00e9lj\u00e1b\u00f3l megkereshetik az adatkezel\u0151t. Az adatkezel\u0151 a fenti szervezetek r\u00e9sz\u00e9re \u2013 amennyiben az \u00e9rintett szervezet a pontos c\u00e9lt \u00e9s az adatok k\u00f6r\u00e9t megjel\u00f6lte \u2013 szem\u00e9lyes adatot kiz\u00e1r\u00f3lag jogszab\u00e1ly el\u0151\u00edr\u00e1sa eset\u00e9n, olyan m\u00e9rt\u00e9kben ad ki, amely a megkeres\u00e9s c\u00e9lj\u00e1nak megval\u00f3s\u00edt\u00e1s\u00e1hoz elengedhetetlen\u00fcl sz\u00fcks\u00e9ges.<\/p><p>\u00a0<\/p><ol start=\"8\"><li>Az adatkezel\u00e9ssel \u00e9rintett szem\u00e9lyt \u2013 \u00e9rintettet \u2013 megillet\u0151 jogosults\u00e1gok (GDPR III. fejezet):<\/li><\/ol><p>\u00a0<\/p><ol start=\"14\"><li>a) \u00c1tl\u00e1that\u00f3 t\u00e1j\u00e9koztat\u00e1shoz val\u00f3 jog (GDPR 12-14. cikk): Az adatkezel\u0151 ezen adatv\u00e9delmi t\u00e1j\u00e9koztat\u00f3val t\u00e1j\u00e9koztat\u00e1si k\u00f6telezetts\u00e9ge k\u00f6r\u00e9ben nyilatkozik az adatkezel\u0151vel, adatv\u00e9delmi tiszts\u00e9gvisel\u0151vel, az adatkezel\u00e9s c\u00e9lj\u00e1val \u00e9s jogalapj\u00e1val, id\u0151tartam\u00e1val, az adatok forr\u00e1s\u00e1val, az \u00e9rintetti jogokkal, a jogorvoslattal kapcsolatosan. Az \u00e9rintett r\u00e9sz\u00e9re \u2013 szem\u00e9lyazonoss\u00e1g igazol\u00e1s\u00e1t k\u00f6vet\u0151en \u2013 sz\u00f3beli t\u00e1j\u00e9koztat\u00e1s is adhat\u00f3.<\/li><\/ol><p>\u00a0<\/p><ol start=\"15\"><li>b) Az \u00e9rintett hozz\u00e1f\u00e9r\u00e9si joga GDPR 15. cikk): Az \u00e9rintett k\u00e9rheti az adatkezel\u0151t\u0151l a r\u00e1 vonatkoz\u00f3 szem\u00e9lyes adatokhoz val\u00f3 hozz\u00e1f\u00e9r\u00e9st, a szem\u00e9lyes adatai m\u00e1solat\u00e1t.<\/li><\/ol><p>\u00a0<\/p><p>Az \u00e9rintett r\u00e9sz\u00e9re az adatkezel\u0151nek visszajelz\u00e9st kell adnia arra a k\u00e9rd\u00e9sre, hogy szem\u00e9lyes adatainak kezel\u00e9se folyamatban van-e, ha ilyen adatok kezel\u00e9se folyamatban van, akkor az \u00e9rintett jogosult arra, hogy a k\u00f6vetkez\u0151 inform\u00e1ci\u00f3hoz hozz\u00e1f\u00e9r\u00e9st kapjon:<\/p><p>\u00a0<\/p><p>\u2013 az adatkezel\u00e9s c\u00e9ljai,<\/p><p>\u00a0<\/p><p>\u2013 az \u00e9rintett szem\u00e9lyes adatok kateg\u00f3ri\u00e1i,<\/p><p>\u00a0<\/p><p>\u2013 a c\u00edmzettek, vagy azok kateg\u00f3ri\u00e1i, akikkel vagy amelyekkel a szem\u00e9lyes adatot k\u00f6z\u00f6l\u00e9k, vagy k\u00f6z\u00f6lni fogj\u00e1k,<\/p><p>\u00a0<\/p><p>\u2013 a szem\u00e9lyes adatok t\u00e1rol\u00e1s\u00e1nak tervezett id\u0151tartama, ennek hi\u00e1ny\u00e1ban meghat\u00e1roz\u00e1s\u00e1nak konkr\u00e9t szempontjai,<\/p><p>\u00a0<\/p><p>\u2013 az \u00e9rintett azon joga, hogy az adatkezel\u0151t\u0151l k\u00e9rheti a szem\u00e9lyes adatai helyesb\u00edt\u00e9s\u00e9t, t\u00f6rl\u00e9s\u00e9t vagy kezel\u00e9s\u00e9nek korl\u00e1toz\u00e1s\u00e1t, tiltakozhat a szem\u00e9lyes adat\u00e1nak kezel\u00e9se ellen,<\/p><p>\u00a0<\/p><p>\u2013 fel\u00fcgyeleti hat\u00f3s\u00e1ghoz c\u00edmzett panasz beny\u00fajt\u00e1s\u00e1nak joga,<\/p><p>\u00a0<\/p><p>\u2013 ha az adatokat nem az \u00e9rintett\u0151l gy\u0171jt\u00f6tt\u00e9k, akkor a forr\u00e1sukra vonatkoz\u00f3 minden el\u00e9rhet\u0151 inform\u00e1ci\u00f3,<\/p><p>\u00a0<\/p><p>\u2013 az automatiz\u00e1lt d\u00f6nt\u00e9shozatal t\u00e9nye, ide\u00e9rtve a profilalkot\u00e1st, az ezen esetekben alkalmazott logika, \u00e9s az ilyen adatkezel\u00e9sekre vonatkoz\u00f3 \u00e9rthet\u0151 t\u00e1j\u00e9koztat\u00e1s arra n\u00e9zve, hogy ezek milyen jelent\u0151s\u00e9ggel b\u00edrnak \u00e9s mi a k\u00f6vetkezm\u00e9ny\u00fck az \u00e9rintettre.<\/p><p>\u00a0<\/p><ol start=\"18\"><li>c) Az \u00e9rintett adatainak helyesb\u00edt\u00e9se, t\u00f6rl\u00e9se \u00e9s az adatkezel\u00e9s korl\u00e1toz\u00e1sa (GDPR 16-18. cikk):<\/li><\/ol><p>\u00a0<\/p><ol><li>ca) az \u00e9rintett jogosult arra, hogy k\u00e9r\u00e9s\u00e9re az adatkezel\u0151 indokolatlan k\u00e9sedelem n\u00e9lk\u00fcl helyesb\u00edtse a r\u00e1 vonatkoz\u00f3 pontatlan szem\u00e9lyi adatokat. Az adatkezel\u00e9s c\u00e9lj\u00e1ra figyelemmel az \u00e9rintett k\u00e9rheti a hi\u00e1nyos szem\u00e9lyes adatok kieg\u00e9sz\u00edt\u00e9s\u00e9t nyilatkozat\u00e1val.<\/li><\/ol><p>\u00a0<\/p><ol><li>cb) a t\u00f6rl\u00e9shez val\u00f3 jog \u2013 \u201eaz elfeledtet\u00e9shez val\u00f3 jog\u201d alapj\u00e1n a szem\u00e9lyes adatot t\u00f6r\u00f6lni kell, ha<\/li><\/ol><p>\u00a0<\/p><p>\u2013 az adatkezel\u00e9s c\u00e9lja megsz\u0171nt,<\/p><p>\u00a0<\/p><p>\u2013 az \u00e9rintett visszavonta a hozz\u00e1j\u00e1rul\u00e1s\u00e1t \u00e9s az adatkezel\u00e9snek nincs m\u00e1s jogalapja,<\/p><p>\u00a0<\/p><p>\u2013 az adatkezel\u00e9s jogos \u00e9rdeken alapul, vagy k\u00f6z\u00e9rdek\u0171, vagy az adatkezel\u0151 k\u00f6zhatalmi jogos\u00edtv\u00e1ny gyakorl\u00e1s\u00e1nak keret\u00e9ben v\u00e9gzett feladat ell\u00e1t\u00e1s\u00e1hoz sz\u00fcks\u00e9ges, \u00e9s az \u00e9rintett tiltakozik az adatkezel\u00e9s ellen,<\/p><p>\u00a0<\/p><p>\u2013 az adatkezel\u00e9s jogellenes,<\/p><p>\u00a0<\/p><p>\u2013 az adatkezel\u0151re vonatkoz\u00f3 uni\u00f3s vagy tag\u00e1llami jogban el\u0151\u00edrt k\u00f6telezetts\u00e9g teljes\u00edt\u00e9s\u00e9hez t\u00f6r\u00f6lni sz\u00fcks\u00e9ges,<\/p><p>\u00a0<\/p><p>\u2013 az adatok t\u00f6rl\u00e9s\u00e9re k\u00f6zvetlen\u00fcl gyermekeknek k\u00edn\u00e1lt, inform\u00e1ci\u00f3s szolg\u00e1ltat\u00e1sokkal \u00f6sszef\u00fcgg\u0151 szolg\u00e1ltat\u00e1sok vonatkoz\u00e1s\u00e1ban ker\u00fclt sor.<\/p><p>\u00a0<\/p><ol><li>cc) az adatkezel\u00e9s korl\u00e1toz\u00e1s\u00e1hoz val\u00f3 jog alapj\u00e1n az adatkezel\u0151 az \u00e9rintett k\u00e9r\u00e9s\u00e9re korl\u00e1tozza az adatkezel\u00e9st, ha<\/li><\/ol><p>\u00a0<\/p><p>\u2013 az \u00e9rintett vitatja a szem\u00e9lyes adatok pontoss\u00e1g\u00e1t,<\/p><p>\u00a0<\/p><p>\u2013 az adatkezel\u00e9s jogellenes \u00e9s az \u00e9rintett ellenzi a szem\u00e9lyes adatok t\u00f6rl\u00e9s\u00e9t,<\/p><p>\u00a0<\/p><p>\u2013 az adatkezel\u0151nek m\u00e1r nincs sz\u00fcks\u00e9ge a szem\u00e9lyes adatokra, de az \u00e9rintett ig\u00e9nyli azokat jogi ig\u00e9nyek el\u0151terjeszt\u00e9s\u00e9hez, \u00e9rv\u00e9nyes\u00edt\u00e9s\u00e9hez vagy v\u00e9delm\u00e9hez.<\/p><p>\u00a0<\/p><p>\u2013 az adatkezel\u00e9s jogos \u00e9rdeken alapul, vagy k\u00f6z\u00e9rdek\u0171, vagy az adatkezel\u0151 k\u00f6zhatalmi jogos\u00edtv\u00e1ny gyakorl\u00e1s\u00e1nak keret\u00e9ben v\u00e9gzett feladat ell\u00e1t\u00e1s\u00e1hoz sz\u00fcks\u00e9ges, \u00e9s az \u00e9rintett tiltakozik az adatkezel\u00e9s ellen.<\/p><p>\u00a0<\/p><p>Az adatkezel\u0151 a k\u00e9relem be\u00e9rkez\u00e9s\u00e9t\u0151l sz\u00e1m\u00edtott egy h\u00f3napon bel\u00fcl (indokolatlan k\u00e9sedelem n\u00e9lk\u00fcl) t\u00e1j\u00e9koztatja az \u00e9rintettet a k\u00e9relem alapj\u00e1n tett int\u00e9zked\u00e9seir\u0151l. A hat\u00e1rid\u0151 tov\u00e1bbi k\u00e9t h\u00f3nappal meghosszabb\u00edthat\u00f3 a k\u00e9relmek sz\u00e1m\u00e1ra \u00e9s \u00f6sszetetts\u00e9g\u00e9re tekintettel. A hat\u00e1rid\u0151 meghosszabb\u00edt\u00e1s\u00e1r\u00f3l az adatkezel\u0151 a k\u00e9relem be\u00e9rkez\u00e9s\u00e9t\u0151l sz\u00e1m\u00edtott egy h\u00f3napon bel\u00fcl t\u00e1j\u00e9koztatja az \u00e9rintettet, a k\u00e9sedelem okainak megjel\u00f6l\u00e9s\u00e9vel. Az \u00e9rintett \u00e1ltal elektronikus \u00faton beny\u00fajtott k\u00e9relemre a t\u00e1j\u00e9koztat\u00e1st lehet\u0151s\u00e9g szerint elektronikus \u00faton kell megadni, kiv\u00e9ve, ha az \u00e9rintett azt m\u00e1sk\u00e9pp k\u00e9ri.<\/p><p>\u00a0<\/p><ol start=\"19\"><li>d) A szem\u00e9lyes adatok helyesb\u00edt\u00e9s\u00e9hez vagy t\u00f6rl\u00e9s\u00e9hez, illetve az adatkezel\u00e9s korl\u00e1toz\u00e1s\u00e1hoz kapcsol\u00f3d\u00f3 \u00e9rtes\u00edt\u00e9si k\u00f6telezetts\u00e9g (GDPR 19. cikk): Az adatkezel\u0151 minden olyan c\u00edmzettet t\u00e1j\u00e9koztat a helyesb\u00edt\u00e9sr\u0151l, t\u00f6rl\u00e9sr\u0151l vagy az adatkezel\u00e9s korl\u00e1toz\u00e1s\u00e1r\u00f3l, akivel (amellyel) a szem\u00e9lyes adatot k\u00f6z\u00f6lt\u00e9k, kiv\u00e9ve, ha ez lehetetlen, vagy ar\u00e1nytalanul nagy er\u0151fesz\u00edt\u00e9ssel j\u00e1r. Az \u00e9rintettet k\u00e9r\u00e9s\u00e9re t\u00e1j\u00e9koztatni kell a c\u00edmzettekr\u0151l.<\/li><\/ol><p>\u00a0<\/p><ol start=\"20\"><li>e) Adathordozhat\u00f3s\u00e1ghoz val\u00f3 jog (GDPR 20. cikk):<\/li><\/ol><p>\u00a0<\/p><p>Az \u00e9rintett jogosult arra, hogy a r\u00e1 vonatkoz\u00f3, \u00e1ltala az adatkezel\u0151 rendelkez\u00e9s\u00e9re bocs\u00e1tott szem\u00e9lyes adatokat tagolt, sz\u00e9les k\u00f6rben haszn\u00e1lt, g\u00e9ppel olvashat\u00f3 form\u00e1tumban megkapja (pl.: Word, Excel), \u00e9s ezeket az adatokat egy m\u00e1sik adatkezel\u0151nek tov\u00e1bb\u00edtsa. Az \u00e9rintett jogosult arra is, hogy \u2013 ha ez technikailag megval\u00f3s\u00edthat\u00f3 \u2013 k\u00e9rje a szem\u00e9lyes adatok adatkezel\u0151k k\u00f6z\u00f6tti k\u00f6zvetlen tov\u00e1bb\u00edt\u00e1s\u00e1t.<\/p><p>\u00a0<\/p><ol start=\"21\"><li>f) A tiltakoz\u00e1shoz val\u00f3 jog (GDPR 21. cikk): Az \u00e9rintett jogosult arra, hogy saj\u00e1t helyzet\u00e9vel kapcsolatos okb\u00f3l tiltakozzon szem\u00e9lyes adatainak jogos \u00e9rdeken alapul\u00f3 kezel\u00e9se ellen, vagy ha az adatkezel\u00e9s k\u00f6z\u00e9rdek\u0171, vagy k\u00f6zhatalmi jogos\u00edtv\u00e1ny keret\u00e9ben v\u00e9gzett joggyakorl\u00e1s sor\u00e1n v\u00e9gzett feladat v\u00e9grehajt\u00e1s\u00e1hoz sz\u00fcks\u00e9ges, ide\u00e9rtve az ezen a jogalapokon alapul\u00f3 profilalkot\u00e1st. A fenti esetekben az adatkezel\u0151 a szem\u00e9lyes adatokat kiz\u00e1r\u00f3lag akkor kezelheti tov\u00e1bb, ha bizony\u00edtja, hogy az adatkezel\u00e9st olyan k\u00e9nyszer\u00edt\u0151 erej\u0171 jogos okok indokolj\u00e1k, amelyek els\u0151bbs\u00e9get \u00e9lveznek az \u00e9rintett jogaival \u00e9s \u00e9rdekeivel szemben, vagy amelyek jogi ig\u00e9nyek el\u0151terjeszt\u00e9s\u00e9hez, \u00e9rv\u00e9nyes\u00edt\u00e9s\u00e9hez vagy v\u00e9delm\u00e9hez kapcsol\u00f3dnak.<\/li><\/ol><p>\u00a0<\/p><ol start=\"22\"><li>g) Automatiz\u00e1lt d\u00f6nt\u00e9shozatal eset\u00e9n az \u00e9rintettet megillet\u0151 jog (GDPR 22. cikk): Az \u00e9rintett jogosult arra, hogy ne terjedjen ki r\u00e1 olyan, kiz\u00e1r\u00f3lag automatiz\u00e1lt adatkezel\u00e9sen \u2013 ide\u00e9rtve a profilalkot\u00e1st \u2013 alapul\u00f3 d\u00f6nt\u00e9s hat\u00e1lya, amely r\u00e1 n\u00e9zve joghat\u00e1ssal j\u00e1rna, vagy \u0151t jelent\u0151s m\u00e9rt\u00e9kben \u00e9rinten\u00e9, kiv\u00e9ve, ha:<\/li><\/ol><p>\u00a0<\/p><p>\u2013 az \u00e9rintett \u00e9s az adatkezel\u0151 k\u00f6z\u00f6tti szerz\u0151d\u00e9s megk\u00f6t\u00e9s\u00e9hez vagy teljes\u00edt\u00e9s\u00e9hez sz\u00fcks\u00e9ges,<\/p><p>\u00a0<\/p><p>\u2013 meghozatal\u00e1t az adatkezel\u0151re vonatkoz\u00f3 olyan uni\u00f3s vagy tag\u00e1llami jog teszi lehet\u0151v\u00e9, amely az \u00e9rintett jogainak \u00e9s t\u00f6rv\u00e9nyes \u00e9rdekeinek v\u00e9delm\u00e9t szolg\u00e1l\u00f3 megfelel\u0151 int\u00e9zked\u00e9seket is tartalmaz,<\/p><p>\u00a0<\/p><p>\u2013 az \u00e9rintett kifejezett hozz\u00e1j\u00e1rul\u00e1s\u00e1n alapul.<\/p><p>\u00a0<\/p><p>Az adatkezel\u0151 automatiz\u00e1lt d\u00f6nt\u00e9shozatal eset\u00e9n is k\u00f6teles biztos\u00edtani az \u00e9rintettnek legal\u00e1bb azt a jog\u00e1t, hogy az adatkezel\u0151 r\u00e9sz\u00e9r\u0151l emberi beavatkoz\u00e1st k\u00e9rjen, \u00e1ll\u00e1spontj\u00e1t kifejezze, vagy a d\u00f6nt\u00e9ssel szemben kifog\u00e1st ny\u00fajtson be.<\/p><p>\u00a0<\/p><ol start=\"8\"><li>Jogorvoslat ig\u00e9nybev\u00e9tele (vagylagos lehet\u0151s\u00e9gek):<\/li><\/ol><p>\u00a0<\/p><ol start=\"57\"><li>a) Nemzeti Adatv\u00e9delmi \u00e9s Inform\u00e1ci\u00f3szabads\u00e1g Hat\u00f3s\u00e1gn\u00e1l kezdem\u00e9nyezhet\u0151 vizsg\u00e1lat (GDPR 57. cikk, 77. cikk, Infotv. 51\/A-58. \u00a7)<\/li><\/ol><p>\u00a0<\/p><p>A Nemzeti Adatv\u00e9delmi \u00e9s Inform\u00e1ci\u00f3szabads\u00e1g Hat\u00f3s\u00e1gn\u00e1l(tov\u00e1bbiakban Hat\u00f3s\u00e1g)bejelent\u00e9ssel b\u00e1rki (nemcsak az \u00e9rintett) vizsg\u00e1latot kezdem\u00e9nyezhet arra hivatkoz\u00e1ssal, hogy szem\u00e9lyes adatok kezel\u00e9s\u00e9vel kapcsolatban jogs\u00e9relem k\u00f6vetkezett be, vagy annak k\u00f6zvetlen vesz\u00e9lye fenn\u00e1ll. Ha hat\u00f3s\u00e1gi elj\u00e1r\u00e1s megind\u00edt\u00e1sa az Infotv. szerint nem k\u00f6telez\u0151, a Hat\u00f3s\u00e1g hivatalb\u00f3l vizsg\u00e1latot ind\u00edthat.<\/p><p>\u00a0<\/p><p>A n\u00e9vtelen bejelent\u00e9st a Hat\u00f3s\u00e1g \u00e9rdemi vizsg\u00e1lat n\u00e9lk\u00fcl elutas\u00edthatja, ez\u00e9rt fontos, hogy a bejelent\u00e9s ne legyen n\u00e9vtelen.<\/p><p>\u00a0<\/p><p>A Hat\u00f3s\u00e1g vizsg\u00e1lata ingyenes, annak k\u00f6lts\u00e9geit a Hat\u00f3s\u00e1g el\u0151legezi \u00e9s viseli. A Hat\u00f3s\u00e1g d\u00f6nt\u00e9s\u00e9t f\u0151szab\u00e1ly szerint a bejelent\u00e9s be\u00e9rkez\u00e9s\u00e9t\u0151l sz\u00e1m\u00edtott k\u00e9t h\u00f3napon bel\u00fcl hozza meg.<\/p><p>\u00a0<\/p><p>A Hat\u00f3s\u00e1g el\u00e9rhet\u0151s\u00e9ge:<\/p><p>\u00a0<\/p><p>Nemzeti Adatv\u00e9delmi \u00e9s Inform\u00e1ci\u00f3szabads\u00e1g Hat\u00f3s\u00e1g<\/p><p>\u00a0<\/p><p>1125 Budapest, Szil\u00e1gyi Erzs\u00e9bet fasor 22\/c.<\/p><p>\u00a0<\/p><p>honlap: www.naih.hu<\/p><p>\u00a0<\/p><p>telefon: +36 1 31 1400<\/p><p>\u00a0<\/p><ol start=\"79\"><li>b) B\u00edr\u00f3s\u00e1gi jog\u00e9rv\u00e9nyes\u00edt\u00e9s (GDPR 79. cikk, Infotv. 23. \u00a7):<\/li><\/ol><p>\u00a0<\/p><p>Az \u00e9rintett az adatkezel\u0151, illetve \u2013 az adatfeldolgoz\u00f3 tev\u00e9kenys\u00e9gi k\u00f6r\u00e9be tartoz\u00f3 adatkezel\u00e9si m\u0171veletekkel \u00f6sszef\u00fcgg\u00e9sben \u2013 az adatfeldolgoz\u00f3 ellen b\u00edr\u00f3s\u00e1ghoz fordulhat, ha meg\u00edt\u00e9l\u00e9se szerint az adatkezel\u0151, illetve az \u00e1ltala megb\u00edzott vagy rendelkez\u00e9se alapj\u00e1n elj\u00e1r\u00f3 adatfeldolgoz\u00f3 a szem\u00e9lyes adatait a szem\u00e9lyes adatok kezel\u00e9s\u00e9re vonatkoz\u00f3, jogszab\u00e1lyban vagy az Eur\u00f3pai Uni\u00f3 k\u00f6telez\u0151 jogi aktus\u00e1ban meghat\u00e1rozott el\u0151\u00edr\u00e1sok megs\u00e9rt\u00e9s\u00e9vel kezeli.<\/p><p>\u00a0<\/p><p>A pert az adatkezel\u0151, vagy az adatfeldolgoz\u00f3 tev\u00e9kenys\u00e9gi helye szerinti tag\u00e1llam b\u00edr\u00f3s\u00e1ga el\u0151tt kell megind\u00edtani. Az elj\u00e1r\u00e1s megind\u00edthat\u00f3 az \u00e9rintett szok\u00e1sos tart\u00f3zkod\u00e1si helye szerinti tag\u00e1llam b\u00edr\u00f3s\u00e1ga el\u0151tt is.<\/p><p>\u00a0<\/p><p>Azt, hogy az adatkezel\u00e9s a szem\u00e9lyes adatok kezel\u00e9s\u00e9re vonatkoz\u00f3, jogszab\u00e1lyban vagy az Eur\u00f3pai Uni\u00f3 k\u00f6telez\u0151 jogi aktus\u00e1ban meghat\u00e1rozott el\u0151\u00edr\u00e1soknak megfelel, az adatkezel\u0151, illetve az adatfeldolgoz\u00f3 k\u00f6teles bizony\u00edtani.<\/p><p>\u00a0<\/p><p>Magyarorsz\u00e1gon a pert az \u00e9rintett \u2013 v\u00e1laszt\u00e1sa szerint \u2013 a lak\u00f3helye vagy tart\u00f3zkod\u00e1si helye szerint illet\u00e9kes t\u00f6rv\u00e9nysz\u00e9k el\u0151tt is megind\u00edthatja.<\/p><p>\u00a0<\/p><p>Az \u00e9rintett a perben k\u00e1rt\u00e9r\u00edt\u00e9st, illetve s\u00e9relemd\u00edjat k\u00f6vetelhet az adatkezel\u0151t\u0151l a k\u00f6vetkez\u0151k szerint:<\/p><p>\u00a0<\/p><p>\u2013 Ha az adatkezel\u0151 az \u00e9rintett adatainak jogellenes kezel\u00e9s\u00e9vel vagy az adatbiztons\u00e1g k\u00f6vetelm\u00e9nyeinek megszeg\u00e9s\u00e9vel m\u00e1snak k\u00e1rt okoz, k\u00f6teles azt megt\u00e9r\u00edteni.<\/p><p>\u00a0<\/p><p>\u2013 Ha az adatkezel\u0151 az \u00e9rintett adatainak jogellenes kezel\u00e9s\u00e9vel vagy az adatbiztons\u00e1g k\u00f6vetelm\u00e9nyeinek megszeg\u00e9s\u00e9vel megs\u00e9rti az \u00e9rintett szem\u00e9lyis\u00e9gi jog\u00e1t (pl.: szem\u00e9lyes adat illet\u00e9ktelen szem\u00e9llyel val\u00f3 k\u00f6zl\u00e9se, vagy nyilv\u00e1noss\u00e1gra hozatala) az \u00e9rintett s\u00e9relemd\u00edjat k\u00f6vetelhet az adatkezel\u0151t\u0151l.<\/p><p>Internetes sz\u00e1ll\u00e1sfoglal\u00e1s<\/p><p>\u00a0<\/p><p>Foglaljon sz\u00e1ll\u00e1st Sopronban gyorsan \u00e9s egyszer\u0171en online. Kedvez\u0151 \u00e1rakkal, rugalmas \u00fcgyint\u00e9z\u00e9ssel \u00e9s t\u00f6bbf\u00e9le fizet\u00e9si lehet\u0151s\u00e9ggel v\u00e1rjuk kedves vend\u00e9geinket!<\/p><p>\u00a0<\/p><p>Foglaljon most!<\/p><p>\u00a9 2022 Erka Home Apartman\u00a0\u00a0<\/p>\t\t\t\t\t\t<\/div>\n\t\t\t\t<\/div>\n\t\t\t\t\t<\/div>\n\t\t<\/div>\n\t\t\t\t\t\t\t<\/div>\n\t\t<\/section>\n\t\t\t\t\t\t<\/div>\n\t\t\t\t\t<\/div>\n\t\t","protected":false},"excerpt":{"rendered":"<p>Patakfalvin\u00e9 Jankovics Erika \u00e1ltal \u00fczemeltetett \u00a0ErkaHome Apartman (2500, Esztergom, Aranyhegyi \u00fat 2. 2\/1.) \u00a0 \u00a0ADATV\u00c9DELMI \u00c9S ADATKEZEL\u00c9SI T\u00c1J\u00c9KOZTAT\u00d3JA \u00a0 Az eur\u00f3pai \u00e1ltal\u00e1nos adatv\u00e9delmi rendelet (az Eur\u00f3pai Parlament \u00e9s a Tan\u00e1cs (EU) 2016\/679 rendelete a term\u00e9szetes szem\u00e9lyeknek a szem\u00e9lyes adatok kezel\u00e9se tekintet\u00e9ben t\u00f6rt\u00e9n\u0151 v\u00e9delm\u00e9r\u0151l \u00e9s az ilyen adatok szabad \u00e1raml\u00e1s\u00e1r\u00f3l, valamint a 95\/46\/EK rendelet hat\u00e1lyon k\u00edv\u00fcl [&hellip;]<\/p>\n","protected":false},"author":1,"featured_media":0,"parent":0,"menu_order":0,"comment_status":"closed","ping_status":"closed","template":"","meta":{"footnotes":""},"class_list":["post-1376","page","type-page","status-publish","hentry","entry"],"_links":{"self":[{"href":"https:\/\/erkahome.hu\/index.php?rest_route=\/wp\/v2\/pages\/1376","targetHints":{"allow":["GET"]}}],"collection":[{"href":"https:\/\/erkahome.hu\/index.php?rest_route=\/wp\/v2\/pages"}],"about":[{"href":"https:\/\/erkahome.hu\/index.php?rest_route=\/wp\/v2\/types\/page"}],"author":[{"embeddable":true,"href":"https:\/\/erkahome.hu\/index.php?rest_route=\/wp\/v2\/users\/1"}],"replies":[{"embeddable":true,"href":"https:\/\/erkahome.hu\/index.php?rest_route=%2Fwp%2Fv2%2Fcomments&post=1376"}],"version-history":[{"count":4,"href":"https:\/\/erkahome.hu\/index.php?rest_route=\/wp\/v2\/pages\/1376\/revisions"}],"predecessor-version":[{"id":1380,"href":"https:\/\/erkahome.hu\/index.php?rest_route=\/wp\/v2\/pages\/1376\/revisions\/1380"}],"wp:attachment":[{"href":"https:\/\/erkahome.hu\/index.php?rest_route=%2Fwp%2Fv2%2Fmedia&parent=1376"}],"curies":[{"name":"wp","href":"https:\/\/api.w.org\/{rel}","templated":true}]}}