{"id":1370,"date":"2022-04-21T08:54:19","date_gmt":"2022-04-21T08:54:19","guid":{"rendered":"https:\/\/erkahome.hu\/?page_id=1370"},"modified":"2022-04-21T08:55:05","modified_gmt":"2022-04-21T08:55:05","slug":"altalanos-szerzodesi-feltetelek","status":"publish","type":"page","link":"https:\/\/erkahome.hu\/?page_id=1370","title":{"rendered":"\u00c1ltal\u00e1nos szerz\u0151d\u00e9si felt\u00e9telek"},"content":{"rendered":"\t\t<div data-elementor-type=\"wp-page\" data-elementor-id=\"1370\" class=\"elementor elementor-1370\" data-elementor-settings=\"[]\">\n\t\t\t\t\t\t\t<div class=\"elementor-section-wrap\">\n\t\t\t\t\t\t\t<section class=\"ob-is-breaking-bad elementor-section elementor-top-section elementor-element elementor-element-2586e23 elementor-section-boxed elementor-section-height-default elementor-section-height-default\" data-id=\"2586e23\" data-element_type=\"section\" data-settings=\"{&quot;_ob_bbad_use_it&quot;:&quot;yes&quot;,&quot;_ob_bbad_sssic_use&quot;:&quot;no&quot;,&quot;_ob_glider_is_slider&quot;:&quot;no&quot;}\">\n\t\t\t\t\t\t<div class=\"elementor-container elementor-column-gap-default\">\n\t\t\t\t\t<div class=\"elementor-column elementor-col-100 elementor-top-column elementor-element elementor-element-b51bd4d\" data-id=\"b51bd4d\" data-element_type=\"column\" data-settings=\"{&quot;_ob_bbad_is_stalker&quot;:&quot;no&quot;,&quot;_ob_teleporter_use&quot;:false,&quot;_ob_column_hoveranimator&quot;:&quot;no&quot;,&quot;_ob_column_has_pseudo&quot;:&quot;no&quot;}\">\n\t\t\t<div class=\"elementor-widget-wrap elementor-element-populated\">\n\t\t\t\t\t\t\t\t<div class=\"elementor-element elementor-element-eb05854 ob-harakiri-inherit elementor-widget elementor-widget-text-editor\" data-id=\"eb05854\" data-element_type=\"widget\" data-settings=\"{&quot;_ob_harakiri_writing_mode&quot;:&quot;inherit&quot;,&quot;_ob_perspektive_use&quot;:&quot;no&quot;,&quot;_ob_shadough_use&quot;:&quot;no&quot;,&quot;_ob_allow_hoveranimator&quot;:&quot;no&quot;,&quot;_ob_widget_stalker_use&quot;:&quot;no&quot;}\" data-widget_type=\"text-editor.default\">\n\t\t\t\t<div class=\"elementor-widget-container\">\n\t\t\t\t\t\t\t<p><strong>\u00c1ltal\u00e1nos Szerz\u0151d\u00e9si Felt\u00e9telek<\/strong><\/p><p>\u00a0<\/p><p>\u00c1ltal\u00e1nos \u00dczleti Felt\u00e9telek<\/p><ol><li><strong>A Szolg\u00e1ltat\u00f3 adatai<\/strong><\/li><\/ol><p>Patakfalvin\u00e9 Jankovics Erika<br \/>Sz\u00e9khelye: 2500 Esztergom, Budapesti utca 13.<br \/>Ad\u00f3sz\u00e1m: 72273735-1-31<\/p><ol start=\"2\"><li><strong>\u00c1ltal\u00e1nos szab\u00e1lyok<\/strong><\/li><\/ol><p>2.1.\u00a0\u00a0\u00a0\u00a0Jelen \u201e\u00c1ltal\u00e1nos Szerz\u0151d\u00e9ses Felt\u00e9telek\u201d szab\u00e1lyozz\u00e1k a Szolg\u00e1ltat\u00f3 sz\u00e1ll\u00e1shelyeinek, \u00e9s szolg\u00e1ltat\u00e1sainak ig\u00e9nybev\u00e9tel\u00e9t.<br \/>2.2.\u00a0\u00a0\u00a0Speci\u00e1lis, egyedei felt\u00e9telek nem k\u00e9pezik r\u00e9sz\u00e9t a k\u00f6z\u00f6lt \u00c1ltal\u00e1nos Szerz\u0151d\u00e9ses Felt\u00e9teleknek, de nem z\u00e1rj\u00e1k ki a k\u00fcl\u00f6n meg\u00e1llapod\u00e1sok megk\u00f6t\u00e9s\u00e9t utaz\u00e1sk\u00f6zvet\u00edt\u0151kkel, szervez\u0151kkel esetenk\u00e9nt m\u00e1s \u00e9s m\u00e1s, az \u00fczlet t\u00edpus\u00e1nak megfelel\u0151 kond\u00edci\u00f3kkal.<br \/><strong>3.\u00a0\u00a0\u00a0\u00a0\u00a0\u00a0Szerz\u0151d\u0151 f\u00e9l<\/strong><br \/>3.1.\u00a0\u00a0\u00a0A Szolg\u00e1ltat\u00f3 \u00e1ltal ny\u00fajtott szolg\u00e1ltat\u00e1sokat a Vend\u00e9g veszi ig\u00e9nybe.<br \/>3.2.\u00a0\u00a0\u00a0Amennyiben a szolg\u00e1ltat\u00e1sokra vonatkoz\u00f3 megrendel\u00e9st a Vend\u00e9g k\u00f6zvetlen\u00fcl adja le a Szolg\u00e1ltat\u00f3nak, \u00fagy a Vend\u00e9g a Szerz\u0151d\u0151 f\u00e9l. A Szolg\u00e1ltat\u00f3 \u00e9s a Vend\u00e9g egy\u00fcttesen \u2013 a felt\u00e9telek teljes\u00fcl\u00e9se eset\u00e9n \u2013 szerz\u0151d\u00e9ses felekk\u00e9 v\u00e1lnak (tov\u00e1bbiakban Felek).<br \/>3.3.\u00a0\u00a0\u00a0\u00a0Amennyiben a szolg\u00e1ltat\u00e1sokra vonatkoz\u00f3 megrendel\u00e9st a Vend\u00e9g megb\u00edz\u00e1s\u00e1b\u00f3l egy harmadik szem\u00e9ly (tov\u00e1bbiakban K\u00f6zvet\u00edt\u0151) adja le a Szolg\u00e1ltat\u00f3nak, az egy\u00fcttm\u0171k\u00f6d\u00e9s felt\u00e9teleit a Szolg\u00e1ltat\u00f3 \u00e9s a K\u00f6zvet\u00edt\u0151 k\u00f6z\u00f6tt megk\u00f6t\u00f6tt szerz\u0151d\u00e9s szab\u00e1lyozza. Ebben az esetben a Szolg\u00e1ltat\u00f3 nem k\u00f6teles vizsg\u00e1lni, hogy a harmadik szem\u00e9ly jogszer\u0171en k\u00e9pviseli-e a Vend\u00e9get.<\/p><p>\u00a0<\/p><ol start=\"4\"><li><strong> A Szerz\u0151d\u00e9s l\u00e9trej\u00f6tte, a foglal\u00e1s m\u00f3dja, m\u00f3dos\u00edt\u00e1sa, \u00e9rtes\u00edt\u00e9si k\u00f6telezetts\u00e9g<\/strong><\/li><\/ol><p>4.1.\u00a0\u00a0\u00a0 A Vend\u00e9g sz\u00f3ban, vagy \u00edr\u00e1sban megk\u00fcld\u00f6tt aj\u00e1nlatk\u00e9r\u00e9s\u00e9re a Szolg\u00e1ltat\u00f3 aj\u00e1nlatot k\u00fcld.\u00a0 Amennyiben az aj\u00e1nlat elk\u00fcld\u00e9s\u00e9t\u0151l sz\u00e1m\u00edtott 48 \u00f3r\u00e1n bel\u00fcl nem \u00e9rkezik konkr\u00e9t rendel\u00e9s, \u00fagy a Szolg\u00e1ltat\u00f3 aj\u00e1nlati k\u00f6t\u00f6tts\u00e9ge megsz\u0171nik.<br \/>4.2.\u00a0\u00a0 A Szerz\u0151d\u00e9s a Vend\u00e9g, \u00edr\u00e1sban, vagy sz\u00f3ban\u00a0 leadott foglal\u00e1s\u00e1nak a Szolg\u00e1ltat\u00f3 \u00e1ltali \u00edr\u00e1sban (postai lev\u00e9l, telefax, elektronikus lev\u00e9l) megk\u00fcld\u00f6tt visszaigazol\u00e1s\u00e1val j\u00f6n l\u00e9tre, \u00e9s \u00edgy \u00edr\u00e1sban megk\u00f6t\u00f6tt Szerz\u0151d\u00e9snek min\u0151s\u00fcl.<br \/>Sz\u00f3ban leadott foglal\u00e1s, meg\u00e1llapod\u00e1s, m\u00f3dos\u00edt\u00e1s, vagy annak a Szolg\u00e1ltat\u00f3 \u00e1ltali sz\u00f3beli visszaigazol\u00e1sa nem szerz\u0151d\u00e9s \u00e9rt\u00e9k\u0171.<br \/>4.3.\u00a0\u00a0\u00a0\u00a0A sz\u00e1ll\u00e1s-szolg\u00e1ltat\u00e1s ig\u00e9nybev\u00e9tel\u00e9r\u0151l sz\u00f3l\u00f3 Szerz\u0151d\u00e9s meghat\u00e1rozott id\u0151tartamra sz\u00f3l.<br \/>4.3.1.\u00a0Ha a Vend\u00e9g a meghat\u00e1rozott id\u0151tartam lej\u00e1rta el\u0151tt v\u00e9glegesen elhagyja a lak\u00e1st\/apartmant, a Szolg\u00e1ltat\u00f3 jogosult a Szerz\u0151d\u00e9sben kik\u00f6t\u00f6tt szolg\u00e1ltat\u00e1s teljes ellen\u00e9rt\u00e9k\u00e9re. A lej\u00e1rati id\u0151 el\u0151tt meg\u00fcresedett szob\u00e1t a Szolg\u00e1ltat\u00f3 jogosult \u00fajra \u00e9rt\u00e9kes\u00edteni.<br \/>4.3.2.\u00a0 A sz\u00e1ll\u00e1s-szolg\u00e1ltat\u00e1s ig\u00e9nybev\u00e9tel\u00e9nek Vend\u00e9g \u00e1ltal kezdem\u00e9nyezett meghosszabb\u00edt\u00e1s\u00e1hoz a Szolg\u00e1ltat\u00f3 el\u0151zetes hozz\u00e1j\u00e1rul\u00e1sa sz\u00fcks\u00e9ges. Ebben az esetben a Szolg\u00e1ltat\u00f3 kik\u00f6theti a m\u00e1r teljes\u00edtett szolg\u00e1ltat\u00e1s d\u00edj\u00e1nak megt\u00e9r\u00edt\u00e9s\u00e9t.<br \/>4.4.\u00a0 A Szerz\u0151d\u00e9s m\u00f3dos\u00edt\u00e1s\u00e1hoz \u00e9s\/vagy kieg\u00e9sz\u00edt\u00e9s\u00e9hez a Felek \u00e1ltal al\u00e1\u00edrt \u00edr\u00e1sbeli meg\u00e1llapod\u00e1s sz\u00fcks\u00e9ges.<\/p><p>4.5. Tal\u00e1lt t\u00e1rgyakat a Szolg\u00e1ltat\u00f3 24 \u00f3r\u00e1ig k\u00f6teles meg\u0151rizni, ezt k\u00f6vet\u0151en megsemmis\u00edti azokat.<\/p><p>\u00a0<\/p><ol start=\"5\"><li><strong> Lemond\u00e1si felt\u00e9telek<\/strong><\/li><\/ol><p>5.1.\u00a0\u00a0\u00a0\u00a0\u00a0\u00a0\u00a0\u00a0Amennyiben a sz\u00e1ll\u00e1shely aj\u00e1nlat\u00e1ban m\u00e1s felt\u00e9telt nem hat\u00e1rozott meg, a sz\u00e1ll\u00e1s-szolg\u00e1ltat\u00e1s k\u00f6tb\u00e9rmentes lemond\u00e1s\u00e1ra az \u00e9rkez\u00e9st megel\u0151z\u0151 3 napon bel\u00fcl van lehet\u0151s\u00e9g.<br \/>a)\u00a0\u00a0\u00a0\u00a0\u00a0\u00a0\u00a0\u00a0\u00a0\u00a0\u00a0Ha a Szerz\u0151d\u0151 f\u00e9l a sz\u00e1ll\u00e1s-szolg\u00e1ltat\u00e1sok ig\u00e9nybev\u00e9tel\u00e9t el\u0151legfizet\u00e9ssel, hitelk\u00e1rtya garanci\u00e1val, vagy m\u00e1s, Szerz\u0151d\u00e9sben foglalt m\u00f3don nem biztos\u00edtotta, a Szolg\u00e1ltat\u00f3 szolg\u00e1ltat\u00e1si k\u00f6telezetts\u00e9ge az \u00e9rkez\u00e9si napon helyi id\u0151 szerint 14:00 \u00f3r\u00e1t k\u00f6vet\u0151en megsz\u0171nik.<br \/>b)\u00a0\u00a0\u00a0\u00a0\u00a0\u00a0\u00a0\u00a0\u00a0\u00a0\u00a0Ha a Szerz\u0151d\u0151 f\u00e9l a sz\u00e1ll\u00e1s-szolg\u00e1ltat\u00e1sok ig\u00e9nybev\u00e9tel\u00e9t el\u0151legfizet\u00e9ssel, hitelk\u00e1rtya garanci\u00e1val, vagy m\u00e1s Szerz\u0151d\u00e9sben foglalt m\u00f3don biztos\u00edtotta, \u00e9s az \u00e9rkez\u00e9si napon nem \u00e9rkezik meg, vagy nem jelzi el\u0151re, \u00fagy a Szolg\u00e1ltat\u00f3 a Szerz\u0151d\u00e9sben meghat\u00e1rozott m\u00e9rt\u00e9k\u0171, de legal\u00e1bb egy napi sz\u00e1ll\u00e1sd\u00edjat k\u00f6tb\u00e9rk\u00e9nt \u00e9rv\u00e9nyes\u00edthet. Ebben az esetben a sz\u00e1ll\u00e1st a Szerz\u0151d\u0151 f\u00e9l r\u00e9sz\u00e9re az \u00e9rkez\u00e9si napot k\u00f6vet\u0151 nap 10:00 \u00f3r\u00e1ig fenntartja, majd ezt k\u00f6vet\u0151en a Szolg\u00e1ltat\u00f3 szolg\u00e1ltat\u00e1si k\u00f6telezetts\u00e9ge megsz\u0171nik.<br \/>5.2.\u00a0\u00a0\u00a0\u00a0\u00a0\u00a0\u00a0\u00a0A Szolg\u00e1ltat\u00f3 speci\u00e1lis kond\u00edci\u00f3khoz k\u00f6t\u00f6tt term\u00e9keinek foglal\u00e1sa, csoportos utaz\u00e1s, vagy rendezv\u00e9nyek eset\u00e9n, a fentiekt\u0151l elt\u00e9r\u0151, egyedi Szerz\u0151d\u00e9sben r\u00f6gz\u00edtett felt\u00e9teleket \u00e1llap\u00edt meg.<\/p><ol start=\"6\"><li><strong> \u00c1rak<\/strong><\/li><\/ol><p>6.1.\u00a0\u00a0\u00a0\u00a0\u00a0\u00a0\u00a0 A apartamn \u00e1rait (ErkaHome) a honlapon (www.erkahome.hu)\u00a0 ker\u00fclnek bemutat\u00e1sra. Egy\u00e9b szolg\u00e1ltat\u00e1sok \u00e1rlist\u00e1i az adott r\u00e9szlegeken \u00e1llnak rendelkez\u00e9sre.<br \/>6.2.\u00a0\u00a0\u00a0\u00a0\u00a0\u00a0\u00a0\u00a0A Szolg\u00e1ltat\u00f3 a meghirdetett \u00e1rakat a foglal\u00e1s visszaigazol\u00e1s\u00e1ig vagy amennyiben ilyen nem t\u00f6rt\u00e9nt, \u00fagy az apartman elfoglal\u00e1s\u00e1ig szabadon megv\u00e1ltoztathatja.<br \/>6.3.\u00a0\u00a0\u00a0\u00a0\u00a0\u00a0\u00a0\u00a0Az \u00e1rak k\u00f6zl\u00e9sekor a Szolg\u00e1ltat\u00f3 megjel\u00f6li az \u00e1rak ad\u00f3tartalm\u00e1nak (\u00c1FA, IFA) aj\u00e1nlatt\u00e9telkor \u00e9rv\u00e9nyes, t\u00f6rv\u00e9ny (helyi rendelet) \u00e1ltal szab\u00e1lyozott m\u00e9rt\u00e9k\u00e9t. A Szolg\u00e1ltat\u00f3 a hat\u00e1lyos ad\u00f3-t\u00f6rv\u00e9ny (\u00c1FA, IFA) m\u00f3dosul\u00e1sa miatti t\u00f6bbletterheket, el\u0151zetes \u00e9rtes\u00edt\u00e9s mellett, \u00e1th\u00e1r\u00edtja a Szerz\u0151d\u0151 f\u00e9lre.<br \/>6.4.\u00a0\u00a0\u00a0\u00a0\u00a0\u00a0\u00a0\u00a0Aktu\u00e1lis kedvezm\u00e9nyek, akci\u00f3k, egy\u00e9b aj\u00e1nlatok az apartman honlapj\u00e1n ker\u00fclnek meghirdet\u00e9sre.<\/p><ol start=\"8\"><li><strong> Fizet\u00e9s m\u00f3dja, garancia<\/strong><\/li><\/ol><p>8.1.\u00a0\u00a0\u00a0\u00a0\u00a0\u00a0\u00a0\u00a0\u00a0A Szolg\u00e1ltat\u00f3 a Szerz\u0151d\u0151 f\u00e9l r\u00e9sz\u00e9re ny\u00fajtott szolg\u00e1ltat\u00e1sainak ellen\u00e9rt\u00e9k\u00e9re legk\u00e9s\u0151bb az ig\u00e9nybev\u00e9telt k\u00f6vet\u0151en, a sz\u00e1llod\u00e1b\u00f3l t\u00f6rt\u00e9n\u0151 t\u00e1voz\u00e1st megel\u0151z\u0151en tart ig\u00e9nyt, de egyedi meg\u00e1llapod\u00e1s keret\u00e9ben adhat lehet\u0151s\u00e9get ut\u00f3lagos fizet\u00e9sre is.<br \/>8.2.\u00a0\u00a0\u00a0\u00a0\u00a0\u00a0\u00a0\u00a0 A Szolg\u00e1ltat\u00f3 a szolg\u00e1ltat\u00e1s Szerz\u0151d\u00e9s szerinti ig\u00e9nybev\u00e9tel\u00e9nek, \u00e9s az ellen\u00e9rt\u00e9k kiegyenl\u00edt\u00e9s\u00e9nek garant\u00e1l\u00e1s\u00e1ra;<br \/>a)\u00a0\u00a0\u00a0\u00a0\u00a0\u00a0\u00a0\u00a0\u00a0\u00a0\u00a0 k\u00e9rhet hitelk\u00e1rtya garanci\u00e1t, amelynek sor\u00e1n a megrendelt \u00e9s visszaigazolt szolg\u00e1ltat\u00e1s ellen\u00e9rt\u00e9ke a hitelk\u00e1rty\u00e1n z\u00e1rol\u00e1sra ker\u00fcl,<br \/>b)\u00a0\u00a0\u00a0\u00a0\u00a0\u00a0\u00a0\u00a0\u00a0\u00a0\u00a0 k\u00e9rheti el\u0151leg megfizet\u00e9s\u00e9t a r\u00e9szv\u00e9teli d\u00edj egy r\u00e9sz\u00e9re vagy annak teljes \u00f6sszeg\u00e9re<br \/>8.3.\u00a0\u00a0\u00a0\u00a0\u00a0\u00a0\u00a0\u00a0 A Szerz\u0151d\u0151 f\u00e9l sz\u00e1ml\u00e1j\u00e1t kiegyenl\u00edtheti HUF-ban, \u00e9s\/vagy<br \/>a)\u00a0\u00a0\u00a0\u00a0\u00a0\u00a0\u00a0\u00a0\u00a0\u00a0\u00a0\u00a0 b\u00e1rmely olyan p\u00e9nznemben, melyet a Szolg\u00e1ltat\u00f3 elfogad\u00e1sra meghirdet. Az \u00e1tsz\u00e1m\u00edt\u00e1s, illetve sz\u00e1ml\u00e1z\u00e1s ebben az esetben a Magyar Nemzeti Bank a Vend\u00e9g \u00e9rkez\u00e9si napj\u00e1n \u00e9rv\u00e9nyes deviza \u00e1rfolyam\u00e1n t\u00f6rt\u00e9nik.<br \/>b)\u00a0\u00a0\u00a0\u00a0\u00a0\u00a0\u00a0\u00a0\u00a0\u00a0\u00a0a Szolg\u00e1ltat\u00f3 elfogad k\u00e9szp\u00e9nzk\u00edm\u00e9l\u0151 fizet\u00e9si eszk\u00f6z\u00f6ket (hitelk\u00e1rtya, tov\u00e1bb\u00e1 k\u00fcl\u00f6n szerz\u0151d\u00e9s alapj\u00e1n; kupon, voucher, stb.), melyek mindenkori aktu\u00e1lis list\u00e1ja a H\u00e1z honlapj\u00e1n tal\u00e1lhat\u00f3.<br \/>8.4.\u00a0\u00a0\u00a0\u00a0\u00a0\u00a0\u00a0\u00a0B\u00e1rmely fizet\u00e9si m\u00f3d alkalmaz\u00e1s\u00e1val kapcsolatos k\u00f6lts\u00e9g a Szerz\u0151d\u0151\/Vend\u00e9g felet terheli.<\/p><ol start=\"9\"><li><strong>A szolg\u00e1ltat\u00e1s ig\u00e9nybev\u00e9tel\u00e9nek m\u00f3dja \u00e9s felt\u00e9telei<\/strong><\/li><\/ol><p>9.1.\u00a0\u00a0\u00a0\u00a0\u00a0\u00a0\u00a0\u00a0 A Vend\u00e9g a lak\u00e1s\u00e1t\/apartmanj\u00e1t az \u00e9rkez\u00e9s napj\u00e1n 14:00 \u00f3r\u00e1t\u00f3l foglalhatja el (Check in), \u00e9s az utols\u00f3 tart\u00f3zkod\u00e1si napon d\u00e9lel\u0151tt 11:00 \u00f3r\u00e1ig k\u00f6teles elhagyni (Check out).<br \/>9.2.\u00a0\u00a0\u00a0\u00a0\u00a0\u00a0\u00a0\u00a0 Ha a Vend\u00e9g a lak\u00e1s\u00e1t\/apartmanj\u00e1t az \u00e9rkez\u00e9s napj\u00e1n 10:00 \u00f3ra el\u0151tt k\u00edv\u00e1nja elfoglalni, \u00fagy az el\u0151z\u0151 \u00e9jszaka \u2013 egyedi meg\u00e1llapod\u00e1s alapj\u00e1n \u2013 50 %-ban felsz\u00e1m\u00edt\u00e1sra ker\u00fclhet.<br \/>9.3. \u00a0\u00a0\u00a0\u00a0\u00a0\u00a0\u00a0\u00a0 Ha a Vend\u00e9g a lak\u00e1s\u00e1t\/apartmanj\u00e1t az elutaz\u00e1s napj\u00e1n 11:00 \u00f3ra ut\u00e1n k\u00edv\u00e1nja elhagyni, \u00fagy a k\u00f6vetkez\u0151 \u00e9jszaka \u2013 egyedi meg\u00e1llapod\u00e1s alapj\u00e1n \u2013 50 %-ban felsz\u00e1m\u00edt\u00e1sra ker\u00fcl.<\/p><ol start=\"10\"><li><strong> H\u00e1zi\u00e1llatok<\/strong><\/li><\/ol><p>10.1.\u00a0\u00a0\u00a0\u00a0\u00a0\u00a0\u00c1llatokat csak az apartman el\u0151zetes \u00edr\u00e1sbeli beleegyez\u00e9se alapj\u00e1n \u00e9s adott esetben szabad behozni<br \/>10.2.\u00a0\u00a0\u00a0\u00a0\u00a0\u00a0 \u00a0A Vend\u00e9g teljes k\u00f6r\u0171en felel\u0151s a h\u00e1zi\u00e1llat \u00e1ltal okozott k\u00e1rok\u00e9rt.<\/p><ol start=\"11\"><li><strong>A szerz\u0151d\u00e9s teljes\u00edt\u00e9s\u00e9nek visszautas\u00edt\u00e1sa, a szolg\u00e1ltat\u00e1si k\u00f6telezetts\u00e9g megsz\u0171n\u00e9se<\/strong><\/li><\/ol><p>11.1.\u00a0\u00a0\u00a0\u00a0\u00a0\u00a0A Szolg\u00e1ltat\u00f3 jogosult a sz\u00e1ll\u00e1s-szolg\u00e1ltat\u00e1sra sz\u00f3l\u00f3 Szerz\u0151d\u00e9st azonnali hat\u00e1llyal felmondani, \u00edgy a szolg\u00e1ltat\u00e1sok ny\u00fajt\u00e1s\u00e1t megtagadni, ha:<br \/>a)\u00a0\u00a0\u00a0\u00a0\u00a0\u00a0\u00a0\u00a0\u00a0\u00a0\u00a0a Vend\u00e9g nem rendeltet\u00e9sszer\u0171en haszn\u00e1lja a rendelkez\u00e9sre bocs\u00e1tott lak\u00e1st\/apartmant, illetve a l\u00e9tes\u00edtm\u00e9nyt<br \/>b)\u00a0\u00a0\u00a0\u00a0\u00a0\u00a0\u00a0\u00a0\u00a0\u00a0\u00a0a Vend\u00e9g a sz\u00e1ll\u00e1shely biztons\u00e1g\u00e1val, rendj\u00e9vel, annak alkalmazottaival kifog\u00e1solhat\u00f3an, durv\u00e1n viselkedik, alkohol, vagy k\u00e1b\u00edt\u00f3szer befoly\u00e1sa alatt \u00e1ll, fenyeget\u0151, s\u00e9rt\u0151, vagy m\u00e1s elfogadhatatlan viselked\u00e9st tan\u00fas\u00edt<br \/>c)\u00a0\u00a0\u00a0\u00a0\u00a0\u00a0\u00a0\u00a0\u00a0\u00a0\u00a0a Vend\u00e9g fert\u0151z\u0151 betegs\u00e9gben szenved.<br \/>d)\u00a0\u00a0\u00a0\u00a0\u00a0\u00a0\u00a0\u00a0\u00a0\u00a0 a Szerz\u0151d\u0151 f\u00e9l nem teljes\u00edti a Szerz\u0151d\u00e9sben meghat\u00e1rozott el\u0151leg-fizet\u00e9si k\u00f6telezetts\u00e9g\u00e9t a meghat\u00e1rozott id\u0151pontig<br \/>11.2.\u00a0\u00a0\u00a0\u00a0\u00a0\u00a0Amennyiben a felek k\u00f6z\u00f6tti Szerz\u0151d\u00e9s \u201evis major\u201d okokb\u00f3l megszakad, \u00fagy a szerz\u0151d\u00e9s \u201evis major\u201d bek\u00f6vetkez\u00e9s\u00e9vel egyidej\u0171leg megsz\u0171ntnek tekintend\u0151.<\/p><ol start=\"12\"><li><strong>Elhelyez\u00e9si garancia<\/strong><\/li><\/ol><p>12.1.\u00a0\u00a0\u00a0\u00a0\u00a0\u00a0\u00a0 Amennyiben a Szolg\u00e1ltat\u00f3 sz\u00e1ll\u00e1shelye a Szerz\u0151d\u00e9sben szerepl\u0151 szolg\u00e1ltat\u00e1sokat saj\u00e1t hib\u00e1j\u00e1b\u00f3l (pl. ideiglenes \u00fczemeltet\u00e9si probl\u00e9m\u00e1k, stb.) nem tudja biztos\u00edtani, a Szolg\u00e1ltat\u00f3 k\u00f6teles a Vend\u00e9g elhelyez\u00e9s\u00e9r\u0151l halad\u00e9ktalanul gondoskodni.<br \/>12.2.\u00a0\u00a0\u00a0\u00a0\u00a0\u00a0\u00a0 A Szolg\u00e1ltat\u00f3 k\u00f6teles;<br \/>a)\u00a0\u00a0\u00a0\u00a0\u00a0\u00a0\u00a0\u00a0\u00a0\u00a0\u00a0\u00a0 a Szerz\u0151d\u00e9sben szerepl\u0151 szolg\u00e1ltat\u00e1sokat, az abban visszaigazolt \u00e1ron, az ott kik\u00f6t\u00f6tt id\u0151tartamra \u2013 vagy az akad\u00e1lyoztat\u00e1s megsz\u0171nt\u00e9ig \u2013 egy m\u00e1sik, ugyanazon kateg\u00f3ri\u00e1j\u00fa sz\u00e1ll\u00e1shelyen felaj\u00e1nlani. A helyettes\u00edt\u0151 sz\u00e1ll\u00e1shely biztos\u00edt\u00e1s\u00e1nak valamennyi t\u00f6bbletk\u00f6lts\u00e9ge a Szolg\u00e1ltat\u00f3t terheli<br \/>b)\u00a0\u00a0\u00a0\u00a0\u00a0\u00a0\u00a0\u00a0\u00a0\u00a0\u00a0\u00a0 t\u00e9r\u00edt\u00e9smentesen egyszeri alkalommal telefon\u00e1l\u00e1si lehet\u0151s\u00e9get biztos\u00edtani a Vend\u00e9g r\u00e9sz\u00e9re a sz\u00e1ll\u00e1shely v\u00e1ltoz\u00e1s\u00e1nak k\u00f6zl\u00e9s\u00e9re<br \/>c)\u00a0\u00a0\u00a0\u00a0\u00a0\u00a0\u00a0\u00a0\u00a0\u00a0\u00a0\u00a0 kedvezm\u00e9nyes \u00e1r\u00fa transzfert biztos\u00edtani a Vend\u00e9g r\u00e9sz\u00e9re a felaj\u00e1nlott helyettes\u00edt\u0151 sz\u00e1ll\u00e1shelyre val\u00f3 k\u00f6lt\u00f6z\u00e9shez, \u00e9s az esetleges k\u00e9s\u0151bbi visszak\u00f6lt\u00f6z\u00e9shez<br \/>12.3.\u00a0\u00a0\u00a0\u00a0\u00a0\u00a0\u00a0 Amennyiben a Szolg\u00e1ltat\u00f3 ezen k\u00f6telezetts\u00e9geinek marad\u00e9ktalanul eleget tesz, illetve, ha a Vend\u00e9g a sz\u00e1m\u00e1ra felaj\u00e1nlott helyettes\u00edt\u0151 sz\u00e1ll\u00e1slehet\u0151s\u00e9get elfogadta, ut\u00f3lagos k\u00e1rt\u00e9r\u00edt\u00e9si ig\u00e9nnyel a Szerz\u0151d\u0151\/Vend\u00e9g f\u00e9l nem \u00e9lhet.<\/p><ol start=\"13\"><li><strong> A vend\u00e9g betegs\u00e9ge, hal\u00e1la<\/strong><\/li><\/ol><p>13.1.\u00a0\u00a0\u00a0\u00a0\u00a0\u00a0\u00a0\u00a0\u00a0\u00a0Amennyiben a sz\u00e1ll\u00e1s-szolg\u00e1ltat\u00e1s ig\u00e9nybev\u00e9tel\u00e9nek id\u0151tartama alatt a Vend\u00e9g megbetegszik, \u00e9s maga nem k\u00e9pes saj\u00e1t \u00e9rdek\u00e9ben elj\u00e1rni, a Szolg\u00e1ltat\u00f3 orvosi seg\u00edts\u00e9get aj\u00e1nl fel., illetve biztos\u00edt.<br \/>13.2.\u00a0\u00a0\u00a0\u00a0\u00a0\u00a0\u00a0\u00a0\u00a0\u00a0A Vend\u00e9g betegs\u00e9ge\/hal\u00e1la eset\u00e9n a Szolg\u00e1ltat\u00f3 k\u00f6lts\u00e9gkompenz\u00e1ci\u00f3ra tart ig\u00e9nyt a beteg\/elhunyt hozz\u00e1tartoz\u00f3ja, \u00f6r\u00f6k\u00f6se, illet\u0151leg a sz\u00e1mlafizet\u0151je r\u00e9sz\u00e9r\u0151l; az esetleges orvosi \u00e9s elj\u00e1r\u00e1si k\u00f6lts\u00e9gek,\u00a0\u00a0 az elhal\u00e1loz\u00e1st megel\u0151z\u0151en ig\u00e9nybevett szolg\u00e1ltat\u00e1sok ellen\u00e9rt\u00e9k\u00e9nek, \u00e9s a betegs\u00e9g\/hal\u00e1leset kapcs\u00e1n a felszerel\u00e9sek, berendez\u00e9si t\u00e1rgyakban keletkezett esetleges k\u00e1rok tekintet\u00e9ben.<br \/>13.3\u00a0\u00a0\u00a0\u00a0\u00a0\u00a0\u00a0\u00a0 Vend\u00e9g elhal\u00e1loz\u00e1sa eset\u00e9n szolg\u00e1ltat\u00f3 az emberiess\u00e9gi \u00e9s kegyeleti jogok \u00e9s el\u0151\u00edr\u00e1sok betart\u00e1s\u00e1val j\u00e1r el.<\/p><ol start=\"14\"><li><strong> \u00a0A Szerz\u0151d\u0151 f\u00e9l jogai<\/strong><br \/>14.1.\u00a0\u00a0\u00a0\u00a0\u00a0\u00a0\u00a0\u00a0\u00a0\u00a0\u00a0 A Szerz\u0151d\u00e9s \u00e9rtelm\u00e9ben a Vend\u00e9g jogosult a megrendelt lak\u00e1s\/apartman, valamint a sz\u00e1ll\u00e1shely azon l\u00e9tes\u00edtm\u00e9nyeinek rendeltet\u00e9sszer\u0171 haszn\u00e1lat\u00e1ra, melyek beletartoznak a szok\u00e1sos szolg\u00e1ltat\u00e1si k\u00f6rbe, \u00e9s nem esnek speci\u00e1lis felt\u00e9telek hat\u00e1lya al\u00e1.<br \/>14.2.\u00a0\u00a0\u00a0\u00a0\u00a0\u00a0\u00a0\u00a0\u00a0\u00a0\u00a0\u00a0 A Vend\u00e9g a Szolg\u00e1ltat\u00f3 \u00e1ltal ny\u00fajtott szolg\u00e1ltat\u00e1sok teljes\u00edt\u00e9s\u00e9vel kapcsolatban panasszal \u00e9lhet a sz\u00e1ll\u00e1shelyen val\u00f3 tart\u00f3zkod\u00e1s id\u0151tartama alatt. A Szolg\u00e1ltat\u00f3 ezen id\u0151szakban hozz\u00e1 \u00edr\u00e1sban igazoltan eljuttatott (vagy \u00e1ltala jegyz\u0151k\u00f6nyvbe felvett) panasz kezel\u00e9s\u00e9re v\u00e1llal k\u00f6telezetts\u00e9get.<br \/>14.3.\u00a0\u00a0\u00a0\u00a0\u00a0\u00a0\u00a0\u00a0\u00a0\u00a0\u00a0\u00a0\u00a0A Vend\u00e9g panaszt\u00e9teli joga a sz\u00e1ll\u00e1shelyr\u0151l t\u00f6rt\u00e9nt elutaz\u00e1s\u00e1t k\u00f6vet\u0151en megsz\u0171nik.<\/li><li><strong>A Szerz\u0151d\u0151 f\u00e9l k\u00f6telezetts\u00e9gei<\/strong><\/li><\/ol><p>15.1.\u00a0\u00a0\u00a0\u00a0\u00a0\u00a0\u00a0\u00a0A Szerz\u0151d\u0151 f\u00e9l k\u00f6teles a Szerz\u0151d\u00e9sben megrendelt szolg\u00e1ltat\u00e1sok ellen\u00e9rt\u00e9k\u00e9t a Szerz\u0151d\u00e9sben meghat\u00e1rozott id\u0151pontig \u00e9s m\u00f3don kiegyenl\u00edteni.<br \/>15.2.\u00a0\u00a0\u00a0\u00a0\u00a0\u00a0\u00a0\u00a0A Vend\u00e9g gondoskodik arr\u00f3l, hogy a felel\u0151ss\u00e9ge al\u00e1 tartoz\u00f3 10 \u00e9v alatti gyermek csak feln\u0151tt fel\u00fcgyelete mellett tart\u00f3zkodjon a Szolg\u00e1ltat\u00f3 H\u00e1z\u00e1ban.<br \/>15.4 \u00a0\u00a0\u00a0\u00a0\u00a0 Apartmanj\u00e1ban minden Vend\u00e9g, vagy annak k\u00eds\u00e9r\u0151je saj\u00e1t felel\u0151ss\u00e9g\u00e9re tart\u00f3zkodhat, betartva a vagyonv\u00e9delemre, t\u0171zrend\u00e9szetre \u00e9s az apartman rendj\u00e9re vonatkoz\u00f3 biztons\u00e1gi \u00e9s \u00e1ltal\u00e1nos el\u0151\u00edr\u00e1sokat.<\/p><ol start=\"16\"><li><strong>A Szerz\u0151d\u0151 f\u00e9l k\u00e1rt\u00e9r\u00edt\u00e9si felel\u0151ss\u00e9ge<\/strong><\/li><\/ol><p>A Vend\u00e9g mindazon k\u00e1rok\u00e9rt, lak\u00e1s\/apartman eszk\u00f6zlelt\u00e1r hi\u00e1nyok\u00e9rt, \u00e9s h\u00e1tr\u00e1nyok\u00e9rt felel\u0151s, melyeket a Szolg\u00e1ltat\u00f3 vagy harmadik szem\u00e9ly a Vend\u00e9g, vagy k\u00eds\u00e9r\u0151je, vagy az \u0151 felel\u0151ss\u00e9ge al\u00e1 tartoz\u00f3 m\u00e1s szem\u00e9lyek hib\u00e1j\u00e1b\u00f3l elszenved. E felel\u0151ss\u00e9g akkor is fenn\u00e1ll, amennyiben a k\u00e1rosultnak jog\u00e1ban \u00e1ll k\u00e1r\u00e1nak megt\u00e9r\u00edt\u00e9s\u00e9t k\u00f6zvetlen\u00fcl a Szolg\u00e1ltat\u00f3t\u00f3l ig\u00e9nyelni.<\/p><ol start=\"17\"><li><strong>A Szolg\u00e1ltat\u00f3 jogai<\/strong><\/li><\/ol><p>Amennyiben a Vend\u00e9g az ig\u00e9nybevett, vagy a Szerz\u0151d\u00e9sben megrendelt, de ig\u00e9nybe nem vett k\u00f6tb\u00e9rk\u00f6teles szolg\u00e1ltat\u00e1sok d\u00edj\u00e1nak megfizet\u00e9s\u00e9re vonatkoz\u00f3 k\u00f6telezetts\u00e9g\u00e9nek nem tesz eleget, a Szolg\u00e1ltat\u00f3t k\u00f6vetel\u00e9sei biztos\u00edt\u00e1s\u00e1ra z\u00e1logjog illeti meg a vend\u00e9gnek azon a szem\u00e9lyes tulajdont\u00e1rgyain, amelyeket az Apartman H\u00e1zba mag\u00e1val vitt.<\/p><ol start=\"18\"><li><strong>A Szolg\u00e1ltat\u00f3 k\u00f6telezetts\u00e9ge<\/strong><\/li><\/ol><p>A Szolg\u00e1ltat\u00f3 k\u00f6teles;<br \/>a)\u00a0\u00a0\u00a0\u00a0\u00a0\u00a0\u00a0\u00a0\u00a0\u00a0\u00a0\u00a0\u00a0 a szerz\u0151d\u00e9s alapj\u00e1n megrendelt sz\u00e1ll\u00e1s \u00e9s egy\u00e9b szolg\u00e1ltat\u00e1st az \u00e9rv\u00e9nyes el\u0151\u00edr\u00e1sok, szolg\u00e1ltat\u00e1s standard-ek szerint teljes\u00edteni<br \/>b)\u00a0\u00a0\u00a0\u00a0\u00a0\u00a0\u00a0\u00a0\u00a0\u00a0\u00a0\u00a0\u00a0 a vend\u00e9g \u00edr\u00e1sos panasz\u00e1t kivizsg\u00e1lni \u00e9s a probl\u00e9ma kezel\u00e9s\u00e9hez sz\u00fcks\u00e9ges l\u00e9p\u00e9seket megtenni, melyet k\u00f6teles \u00edr\u00e1sban is r\u00f6gz\u00edteni<\/p><ol start=\"19\"><li><strong>A Szolg\u00e1ltat\u00f3 k\u00e1rt\u00e9r\u00edt\u00e9si felel\u0151ss\u00e9ge<\/strong><\/li><\/ol><p>19.1.\u00a0\u00a0\u00a0\u00a0\u00a0\u00a0\u00a0\u00a0 A Szolg\u00e1ltat\u00f3 felel\u0151ss\u00e9get v\u00e1llal minden olyan, a Vend\u00e9get \u00e9rt k\u00e1r\u00e9rt, mely a l\u00e9tes\u00edtm\u00e9nyein bel\u00fcl, a Szolg\u00e1ltat\u00f3, vagy annak alkalmazottai hib\u00e1j\u00e1b\u00f3l k\u00f6vetkezett be.<br \/>19.1.1.\u00a0\u00a0\u00a0\u00a0\u00a0 A Szolg\u00e1ltat\u00f3 felel\u0151ss\u00e9ge nem terjed ki azokra a k\u00e1resem\u00e9nyekre, amelyek a Szolg\u00e1ltat\u00f3 alkalmazottainak \u00e9s vend\u00e9geinek k\u00f6r\u00e9n k\u00edv\u00fcl es\u0151 elh\u00e1r\u00edthatatlan ok miatt k\u00f6vetkeztek be, vagy azokat a vend\u00e9g maga okozta.<br \/>19.1.3.\u00a0\u00a0\u00a0\u00a0\u00a0 A Vend\u00e9gnek az \u0151t \u00e9rt k\u00e1rt azonnal jelentenie kell az Apartman tulajdonos\u00e1nak telefonon, \u00e9s minden sz\u00fcks\u00e9ges adatot az apartman rendelkez\u00e9s\u00e9re kell bocs\u00e1tania, amely a k\u00e1reset k\u00f6r\u00fclm\u00e9nyeinek tiszt\u00e1z\u00e1s\u00e1hoz, esetleg a rend\u0151rs\u00e9gi jegyz\u0151k\u00f6nyv felv\u00e9tel\u00e9hez\/rend\u0151rs\u00e9gi elj\u00e1r\u00e1shoz sz\u00fcks\u00e9ges.<br \/>19.2.\u00a0\u00a0\u00a0\u00a0\u00a0\u00a0\u00a0\u00a0 \u00a0A Szolg\u00e1ltat\u00f3 felel\u0151ss\u00e9get v\u00e1llal az\u00e9rt a k\u00e1r\u00e9rt is, amelyet a megsz\u00e1ll\u00f3 Vend\u00e9g dolgainak elvesz\u00e9se, elpusztul\u00e1sa vagy megs\u00e9r\u00fcl\u00e9se folyt\u00e1n szenved el, abban az esetben, ha a Vend\u00e9g a Szolg\u00e1ltat\u00f3 \u00e1ltal kijel\u00f6lt, illet\u0151leg \u00e1ltal\u00e1ban erre rendelt helyen, vagy a szob\u00e1j\u00e1ban helyezett el, vagy amelyeket a Szolg\u00e1ltat\u00f3 olyan alkalmazottj\u00e1nak adott \u00e1t, akit dolgai \u00e1tv\u00e9tel\u00e9re jogosultnak tarthatott.<br \/>19.2.1.\u00a0\u00a0\u00a0\u00a0\u00a0\u00a0 \u00c9rt\u00e9kt\u00e1rgyak\u00e9rt, \u00e9rt\u00e9kpap\u00edrok\u00e9rt \u00e9s k\u00e9szp\u00e9nz\u00e9rt a Szolg\u00e1ltat\u00f3 csak akkor felel\u0151s, ha a dolgot meg\u0151rz\u00e9sre kifejezetten \u00e1tvette, vagy a k\u00e1r olyan okb\u00f3l k\u00f6vetkezett be, amely\u00e9rt az \u00e1ltal\u00e1nos szab\u00e1lyok szerint felel\u0151ss\u00e9ggel tartozik. Ebben az esetben a bizony\u00edt\u00e1s a Vend\u00e9get terheli.<br \/>19.3\u00a0\u00a0\u00a0\u00a0\u00a0\u00a0\u00a0\u00a0 A k\u00e1rt\u00e9r\u00edt\u00e9s maxim\u00e1lis m\u00e9rt\u00e9ke a Szerz\u0151d\u00e9s szerinti napi lak\u00e1s\/apartman \u00e1r \u00f6sszeg\u00e9nek a t\u00edzszerese, kiv\u00e9ve, ha a k\u00e1r enn\u00e9l kisebb \u00e9rt\u00e9ket k\u00e9pvisel.<\/p><ol start=\"20\"><li><strong>Titoktart\u00e1s<\/strong><\/li><\/ol><p>A Szolg\u00e1ltat\u00f3 a Szerz\u0151d\u00e9sben foglalt k\u00f6telezetts\u00e9ge teljes\u00edt\u00e9se sor\u00e1n k\u00f6teles a szem\u00e9lyes adatok v\u00e9delm\u00e9r\u0151l \u00e9s a k\u00f6z\u00e9rdek\u0171 adatok nyilv\u00e1noss\u00e1g\u00e1r\u00f3l sz\u00f3l\u00f3 1992. \u00e9vi LXIII. T\u00f6rv\u00e9ny, \u00e9s az adatv\u00e9delemmel kapcsolatos vonatkoz\u00f3 jogszab\u00e1lyok rendelkez\u00e9seinek \u2013 \u00e9s amennyiben ezt a Szerz\u0151d\u0151 f\u00e9l a Szolg\u00e1ltat\u00f3 tudom\u00e1s\u00e1ra hozta \u2013 a Szerz\u0151d\u0151 f\u00e9l vonatkoz\u00f3 bels\u0151 szab\u00e1lyainak megfelel\u0151en elj\u00e1rni.<\/p><p>Az \u00e9p\u00fcletbe t\u00f6rt\u00e9n\u0151 bel\u00e9p\u00e9skor az \u00fczemeltet\u0151 az adatv\u00e9delmi jogszab\u00e1lyoknak megfelel\u0151en, az \u00fczemeltet\u00e9s k\u00f6r\u00e9ben sz\u00fcks\u00e9ges igazol\u00e1s \u00e9s bizony\u00edt\u00e1s, ill. biztons\u00e1gi c\u00e9lra adatr\u00f6gz\u00edt\u00e9st v\u00e9gez:<\/p><ol start=\"21\"><li><strong>Vis major<\/strong><\/li><\/ol><p>Azon ok, vagy k\u00f6r\u00fclm\u00e9ny (p\u00e9ld\u00e1ul; h\u00e1bor\u00fa, t\u0171z, \u00e1rv\u00edz, id\u0151j\u00e1r\u00e1sbeli viszontags\u00e1g, \u00e1ramhi\u00e1ny, sztr\u00e1jk bek\u00f6vetkez\u00e9se), amely felett a f\u00e9l nem b\u00edr ellen\u0151rz\u00e9ssel (vis major), b\u00e1rmely felet felmentik a Szerz\u0151d\u00e9sb\u0151l ered\u0151 k\u00f6teless\u00e9geik teljes\u00edt\u00e9se al\u00f3l, am\u00edg ezen ok vagy k\u00f6r\u00fclm\u00e9ny fenn\u00e1ll. A felek egyet\u00e9rtenek abban, hogy minden t\u0151l\u00fck telhet\u0151t megtesznek annak \u00e9rdek\u00e9ben, hogy ezen okok \u00e9s k\u00f6r\u00fclm\u00e9nyek bek\u00f6vetkezt\u00e9nek lehet\u0151s\u00e9g\u00e9t a lehet\u0151 legalacsonyabb szintre szor\u00edts\u00e1k, \u00e9s az ez\u00e1ltal okozott k\u00e1rt vagy k\u00e9sedelmet a lehet\u0151 leghamarabb elh\u00e1r\u00edts\u00e1k, helyrehozz\u00e1k.<\/p><ol start=\"22\"><li><strong> A felek jogviszony\u00e1ban alkalmazand\u00f3 jog, elj\u00e1r\u00f3 b\u00edr\u00f3s\u00e1g<\/strong><\/li><\/ol><p>A Szolg\u00e1ltat\u00f3 \u00e9s a Szerz\u0151d\u0151 f\u00e9l k\u00f6z\u00f6tti jogviszonyra a magyar Polg\u00e1ri T\u00f6rv\u00e9nyk\u00f6nyv rendelkez\u00e9sei az ir\u00e1nyad\u00f3ak. A szolg\u00e1ltat\u00e1si szerz\u0151d\u00e9sb\u0151l ered\u0151 b\u00e1rmely jogvita lefolytat\u00e1s\u00e1ra a szolg\u00e1ltat\u00e1s helye szerint hat\u00e1sk\u00f6rrel rendelkez\u0151 b\u00edr\u00f3s\u00e1g az illet\u00e9kes.<\/p><p>\u00a0<\/p>\t\t\t\t\t\t<\/div>\n\t\t\t\t<\/div>\n\t\t\t\t\t<\/div>\n\t\t<\/div>\n\t\t\t\t\t\t\t<\/div>\n\t\t<\/section>\n\t\t\t\t\t\t<\/div>\n\t\t\t\t\t<\/div>\n\t\t","protected":false},"excerpt":{"rendered":"<p>\u00c1ltal\u00e1nos Szerz\u0151d\u00e9si Felt\u00e9telek \u00a0 \u00c1ltal\u00e1nos \u00dczleti Felt\u00e9telek A Szolg\u00e1ltat\u00f3 adatai Patakfalvin\u00e9 Jankovics ErikaSz\u00e9khelye: 2500 Esztergom, Budapesti utca 13.Ad\u00f3sz\u00e1m: 72273735-1-31 \u00c1ltal\u00e1nos szab\u00e1lyok 2.1.\u00a0\u00a0\u00a0\u00a0Jelen \u201e\u00c1ltal\u00e1nos Szerz\u0151d\u00e9ses Felt\u00e9telek\u201d szab\u00e1lyozz\u00e1k a Szolg\u00e1ltat\u00f3 sz\u00e1ll\u00e1shelyeinek, \u00e9s szolg\u00e1ltat\u00e1sainak ig\u00e9nybev\u00e9tel\u00e9t.2.2.\u00a0\u00a0\u00a0Speci\u00e1lis, egyedei felt\u00e9telek nem k\u00e9pezik r\u00e9sz\u00e9t a k\u00f6z\u00f6lt \u00c1ltal\u00e1nos Szerz\u0151d\u00e9ses Felt\u00e9teleknek, de nem z\u00e1rj\u00e1k ki a k\u00fcl\u00f6n meg\u00e1llapod\u00e1sok megk\u00f6t\u00e9s\u00e9t utaz\u00e1sk\u00f6zvet\u00edt\u0151kkel, szervez\u0151kkel esetenk\u00e9nt m\u00e1s \u00e9s [&hellip;]<\/p>\n","protected":false},"author":1,"featured_media":0,"parent":0,"menu_order":0,"comment_status":"closed","ping_status":"closed","template":"","meta":{"footnotes":""},"class_list":["post-1370","page","type-page","status-publish","hentry","entry"],"_links":{"self":[{"href":"https:\/\/erkahome.hu\/index.php?rest_route=\/wp\/v2\/pages\/1370","targetHints":{"allow":["GET"]}}],"collection":[{"href":"https:\/\/erkahome.hu\/index.php?rest_route=\/wp\/v2\/pages"}],"about":[{"href":"https:\/\/erkahome.hu\/index.php?rest_route=\/wp\/v2\/types\/page"}],"author":[{"embeddable":true,"href":"https:\/\/erkahome.hu\/index.php?rest_route=\/wp\/v2\/users\/1"}],"replies":[{"embeddable":true,"href":"https:\/\/erkahome.hu\/index.php?rest_route=%2Fwp%2Fv2%2Fcomments&post=1370"}],"version-history":[{"count":5,"href":"https:\/\/erkahome.hu\/index.php?rest_route=\/wp\/v2\/pages\/1370\/revisions"}],"predecessor-version":[{"id":1375,"href":"https:\/\/erkahome.hu\/index.php?rest_route=\/wp\/v2\/pages\/1370\/revisions\/1375"}],"wp:attachment":[{"href":"https:\/\/erkahome.hu\/index.php?rest_route=%2Fwp%2Fv2%2Fmedia&parent=1370"}],"curies":[{"name":"wp","href":"https:\/\/api.w.org\/{rel}","templated":true}]}}